{"id":6,"date":"2023-04-17T09:27:28","date_gmt":"2023-04-17T07:27:28","guid":{"rendered":"https:\/\/oji.fundacion-sm.org\/inicio\/"},"modified":"2024-02-20T13:06:06","modified_gmt":"2024-02-20T11:06:06","slug":"inicio","status":"publish","type":"page","link":"https:\/\/oji.fundacion-sm.org\/pt-br\/","title":{"rendered":"Home"},"content":{"rendered":"\t\t<div data-elementor-type=\"wp-page\" data-elementor-id=\"6\" class=\"elementor elementor-6 elementor-2\" data-elementor-post-type=\"page\">\n\t\t\t\t\t\t<section class=\"elementor-section elementor-top-section elementor-element elementor-element-ec8a862 elementor-section-full_width elementor-section-height-default elementor-section-height-default\" data-id=\"ec8a862\" data-element_type=\"section\">\n\t\t\t\t\t\t<div class=\"elementor-container elementor-column-gap-default\">\n\t\t\t\t\t<div class=\"elementor-column elementor-col-100 elementor-top-column elementor-element elementor-element-31d1a84\" data-id=\"31d1a84\" data-element_type=\"column\">\n\t\t\t<div class=\"elementor-widget-wrap elementor-element-populated\">\n\t\t\t\t\t\t<div class=\"elementor-element elementor-element-0f224a0 elementor-widget elementor-widget-bloque-cabecera-menu\" data-id=\"0f224a0\" data-element_type=\"widget\" data-widget_type=\"bloque-cabecera-menu.default\">\n\t\t\t\t<div class=\"elementor-widget-container\">\n\t\t\t\t\t<header class=\"header normal\">\n    <div id=\"sticky_header\" class=\"no-sticky\">\n        <div class=\"container\">\n            <div class=\"row\">\n                <div class=\"col-12 d-flex justify-content-between align-items-center\">\n                    <div class=\"logo \">\n                        <a href=\"https:\/\/oji.fundacion-sm.org\/pt-br\/\" class=\"custom-logo-link\" rel=\"home\"><img fetchpriority=\"high\" decoding=\"async\" width=\"590\" height=\"90\" src=\"https:\/\/oji.fundacion-sm.org\/wp-content\/uploads\/sites\/4\/2023\/11\/oji-logo-portugues.png\" class=\"custom-logo\" alt=\"Logotipo do Observat\u00f3rio da Juventude na Ibero-Am\u00e9rica (OJI)\" srcset=\"https:\/\/oji.fundacion-sm.org\/wp-content\/uploads\/sites\/4\/2023\/11\/oji-logo-portugues.png 590w, https:\/\/oji.fundacion-sm.org\/wp-content\/uploads\/sites\/4\/2023\/11\/oji-logo-portugues-300x46.png 300w\" sizes=\"(max-width: 590px) 100vw, 590px\" \/><\/a>                                            <\/div>\n                    <div class=\"menu-header\">\n                        \n\n                                                <div class=\"btn-header\" id=\"openSearch\" title=\"Buscar\">\n                            <i class=\"far fa-search\"><\/i>\n                            <i class=\"far fa-times hidden\"><\/i>\n                        <\/div>\n                        \n                                                <div id=\"nav-menu\" data-target=\"#main_menu\" data-toggle=\"collapse\" class=\"navbar-toggle openMenu\">\n                          <span><\/span>\n                          <span><\/span>\n                          <span><\/span>\n                          <span><\/span>\n                        <\/div>\n                                            <\/div>\n                                            <!-- MEGAMENU -->\n                        <div class=\"megamenu\">\n                            <div class=\"container\">\n                            <div id=\"cerrarmenu\" class=\"boton-cerrar\"><i class=\"fal fa-times\"><\/i><\/div>\n                            <ul id=\"menu-menu-principal-portugues-brasil\" class=\"dropdown-menu\" itemscope itemtype=\"http:\/\/www.schema.org\/SiteNavigationElement\"><li  id=\"menu-item-4357\" class=\"menu-item menu-item-type-post_type menu-item-object-page menu-item-4357 nav-item\"><a itemprop=\"url\" href=\"https:\/\/oji.fundacion-sm.org\/pt-br\/sobre-nos\/\" class=\"nav-link\"><span itemprop=\"name\">Sobre n\u00f3s<\/span><\/a><\/li>\n<li  id=\"menu-item-4360\" class=\"menu-item menu-item-type-taxonomy menu-item-object-category menu-item-4360 nav-item\"><a itemprop=\"url\" href=\"https:\/\/oji.fundacion-sm.org\/pt-br\/decifrando-a-juventude\/\" class=\"nav-link\"><span itemprop=\"name\">Decifrando a juventude<\/span><\/a><\/li>\n<li  id=\"menu-item-4361\" class=\"menu-item menu-item-type-taxonomy menu-item-object-category menu-item-4361 nav-item\"><a itemprop=\"url\" href=\"https:\/\/oji.fundacion-sm.org\/pt-br\/em-foco\/\" class=\"nav-link\"><span itemprop=\"name\">Em foco<\/span><\/a><\/li>\n<li  id=\"menu-item-4359\" class=\"menu-item menu-item-type-taxonomy menu-item-object-category menu-item-4359 nav-item\"><a itemprop=\"url\" href=\"https:\/\/oji.fundacion-sm.org\/pt-br\/nossos-estudos\/\" class=\"nav-link\"><span itemprop=\"name\">Nossos estudos<\/span><\/a><\/li>\n<li  id=\"menu-item-4358\" class=\"menu-item menu-item-type-taxonomy menu-item-object-category menu-item-4358 nav-item\"><a itemprop=\"url\" href=\"https:\/\/oji.fundacion-sm.org\/pt-br\/outros-estudos\/\" class=\"nav-link\"><span itemprop=\"name\">Outros estudos<\/span><\/a><\/li>\n<li  id=\"menu-item-4364\" class=\"menu-item menu-item-type-taxonomy menu-item-object-category menu-item-4364 nav-item\"><a itemprop=\"url\" href=\"https:\/\/oji.fundacion-sm.org\/pt-br\/biblioteca-de-videos\/\" class=\"nav-link\"><span itemprop=\"name\">Biblioteca de v\u00eddeos<\/span><\/a><\/li>\n<li  id=\"menu-item-4362\" class=\"menu-item menu-item-type-taxonomy menu-item-object-category menu-item-4362 nav-item\"><a itemprop=\"url\" href=\"https:\/\/oji.fundacion-sm.org\/pt-br\/noticias-pt-br\/\" class=\"nav-link\"><span itemprop=\"name\">Not\u00edcias<\/span><\/a><\/li>\n<li  id=\"menu-item-4363\" class=\"menu-item menu-item-type-post_type menu-item-object-page menu-item-4363 nav-item\"><a itemprop=\"url\" href=\"https:\/\/oji.fundacion-sm.org\/pt-br\/contato\/\" class=\"nav-link\"><span itemprop=\"name\">Contato<\/span><\/a><\/li>\n<li  id=\"menu-item-wpml-ls-20-es\" class=\"menu-item wpml-ls-slot-20 wpml-ls-item wpml-ls-item-es wpml-ls-menu-item wpml-ls-first-item wpml-ls-last-item menu-item-type-wpml_ls_menu_item menu-item-object-wpml_ls_menu_item menu-item-wpml-ls-20-es nav-item\"><a title=\"Mudar para Espa\u00f1ol\" itemprop=\"url\" href=\"https:\/\/oji.fundacion-sm.org\/\" class=\"nav-link\" aria-label=\"Mudar para Espa\u00f1ol\" role=\"menuitem\"><span itemprop=\"name\"><span class=\"wpml-ls-native\" lang=\"es\">Espa\u00f1ol<\/span><\/span><\/a><\/li>\n<\/ul>                            <\/div>\n                        <\/div>\n                                    <\/div>\n            <\/div>    \n        <\/div>\n                <div class=\"buscador-modal\">\n            <div class=\"container\">\n                <form action=\"https:\/\/oji.fundacion-sm.org\/pt-br\/\" method=\"get\">\n                    <div class=\"input-group\">\n                      <input type=\"text\" name=\"s\" id=\"s\" class=\"form-control\" placeholder=\"O que voc\u00ea est\u00e1 buscando?\">\n                      <div class=\"input-group-append\">\n                        <button class=\"btn btn-outline-secondary\" type=\"submit\" title=\"Procurar\" aria-label=\"Procurar\"><i class=\"far fa-search\"><\/i><\/button>\n                      <\/div>\n                    <\/div>\n                <\/form>\n            <\/div>\n        <\/div>\n            <\/div>\n<\/header>\t\t\t\t<\/div>\n\t\t\t\t<\/div>\n\t\t\t\t<div class=\"elementor-element elementor-element-b0a056e elementor-widget elementor-widget-bloque-cabecera-portada\" data-id=\"b0a056e\" data-element_type=\"widget\" data-widget_type=\"bloque-cabecera-portada.default\">\n\t\t\t\t<div class=\"elementor-widget-container\">\n\t\t\t\t\t\n<!-- Cabecera landing -->\n<section class=\"bloque bloque-cabecera-imagen-video\" data-aos=\"fade-right\" data-aos-duration=\"1200\">        \n    <div id=\"carouselCabecera5\" class=\"carousel slide\" data-bs-ride=\"carousel\" data-bs-touch=\"true\" >\n        <div class=\"carousel-inner\">\n            <div class=\"carousel-item active elementor-repeater-item-c655d00\">\n            <div class=\"container\">\n            <div class=\"row justify-content-center\">\n            <div class=\"col-12 col-lg-10\">\n            <div class=\"foto portada\">\n                                <div class=\"imagen\"><img decoding=\"async\" src=\"https:\/\/oji.fundacion-sm.org\/wp-content\/uploads\/sites\/4\/2023\/08\/portada_oji-3.jpg\" class=\"image img-fluid\" alt=\"Home\"><\/div>\n                            <\/div>\n            <div class=\"datos background-color\">\n                <div data-aos=\"fade\" data-aos-delay=\"250\" data-aos-duration=\"700\" class=\"datos-content\">\n                    <h1 class=\"titulos\">\n                        <div data-aos=\"fade-left\" data-aos-delay=\"500\" data-aos-duration=\"700\" class=\"d-block\">Juventude, educa\u00e7\u00e3o e cultura<\/div>\n                    <\/h1>\n                                            <div class=\"resumen\">\n                                                        <div data-aos=\"fade-left\" data-aos-delay=\"750\" data-aos-duration=\"700\"><p>OJI \u00e9 um programa da Funda\u00e7\u00e3o SM para fomentar a pesquisa sobre juventude, educa\u00e7\u00e3o e cultura na regi\u00e3o. Acreditamos que a pesquisa social \u00e9 uma ferramenta de grande dimens\u00e3o para ajudar na tomada de decis\u00f5es e melhoria das condi\u00e7\u00f5es sociais existentes.<\/p><\/div>\n                                                                                    <div class=\"mas-info\" data-aos=\"fade-up\" data-aos-delay=\"1000\" data-aos-duration=\"700\">\n                                <a href=\"https:\/\/oji.fundacion-sm.org\/pt-br\/sobre-nos\/\" title=\"Mais sobre OJI\"  class=\"enlace color-enlaces\">Mais sobre OJI<\/a>\n                            <\/div> \n                                                    <\/div>\n                                    <\/div>\n            <\/div>\n        <\/div>\n    <\/div>\n        <\/div>\n            <\/div>\n            <\/div>\n            <\/div>\n<\/section>\t\t\t\t<\/div>\n\t\t\t\t<\/div>\n\t\t\t\t<div class=\"elementor-element elementor-element-18a58b3 elementor-widget elementor-widget-bloque-blog\" data-id=\"18a58b3\" data-element_type=\"widget\" data-widget_type=\"bloque-blog.default\">\n\t\t\t\t<div class=\"elementor-widget-container\">\n\t\t\t\t\t<!-- Bloque Blog -->\n<div class=\"container\">\n    <div class=\"row titulo-con-enlace\">\n        <div class=\"col-12\">\n            <h2 class=\"titulos\" data-aos=\"fade-left\" data-aos-duration=\"700\">\u00daltimas postagens<\/h2>                    <\/div>\n    <\/div>\n<\/div>\n\n        <section class=\"bloque bloque-blog-listado mb-0 diseno-descifrando\">\n            <div class=\"container\">\n                <div class=\"row justify-content-center\">\n                    <div class=\"col-12 col-lg-10\">\n                        <ul class=\"listado row g-4 g-lg-5 ultimas\">                                       \n                            <li class=\"col-12 d-flex align-self-end align-items-stretch\" data-aos=\"fade-up\" data-aos-delay=\"200\" data-aos-duration=\"700\">\n        <a class=\"noticia destacada\" href=\"https:\/\/oji.fundacion-sm.org\/pt-br\/decifrando-a-juventude\/integracao-social-pt-br\/ande-sempre-com-uma-lupa\/\">\n    <div class=\"row \">\n        <div class=\"col-12\">\n            <div class=\"datos\">\n                <div class=\"datos-center\">\n                                        <div class=\"categoria\">Integra\u00e7\u00e3o social<\/div>\n                                        <div class=\"fecha\">29 abril 2022<\/div>\n                    <h3 class=\"titulos\">Ande sempre com uma lupa<\/h3>\n                                        <div class=\"resumen\"><p>Muitos s\u00e3o os sentidos para a palavra \u201ccuidar\u201d. Aprendi com um amigo, o educador Bruninho Souza, em uma conversa no podcast \u201cPara onde vamos\u201d, que \u201ccuidar est\u00e1 muito relacionado a colocar uma lupa sobre o que aconteceu, sobre o que est\u00e1 acontecendo agora e como a gente pode, coletivamente, intervir nesse cen\u00e1rio, nessas atitudes\u201d.<\/p>\n<\/div>\n                        \n                <\/div>\n            <\/div>\n            <div class=\"imagen\">\n                <img decoding=\"async\" width=\"1018\" height=\"450\" src=\"https:\/\/oji.fundacion-sm.org\/wp-content\/uploads\/sites\/4\/2023\/11\/pexels-andrea-piacquadio-3771107-scaled-1-1018x450.jpg\" class=\"img-fluid wp-post-image\" alt=\"Ande sempre com uma lupa\" \/>            <\/div>\n        <\/div>\n    <\/div>\n<\/a>    <\/li>\n                        <\/ul>\n            <\/div>\n        <\/div>\n            <\/div>\n<\/section>\n\t\t\t\t<\/div>\n\t\t\t\t<\/div>\n\t\t\t\t<div class=\"elementor-element elementor-element-c66bd02 elementor-widget elementor-widget-bloque-blog-2\" data-id=\"c66bd02\" data-element_type=\"widget\" data-widget_type=\"bloque-blog-2.default\">\n\t\t\t\t<div class=\"elementor-widget-container\">\n\t\t\t\t\t<!-- Bloque Blog -->\n<div class=\"container\">\n    <div class=\"row titulo-con-enlace\">\n        <div class=\"col-12\">\n                                <\/div>\n    <\/div>\n<\/div>\n\n        <section class=\"bloque bloque-blog-listado mb-0 diseno-descifrando\">\n            <div class=\"container\">\n                <div class=\"row justify-content-center\">\n                    <div class=\"col-12 col-lg-10\">\n                        <ul class=\"listado row g-4 g-lg-5 ultimas\">                                       \n                            <li class=\"col-12 col-sm-6 d-flex align-items-stretch\" data-aos=\"fade-up\" data-aos-delay=\"200\" data-aos-duration=\"700\">\n        <a class=\"noticia \" href=\"https:\/\/oji.fundacion-sm.org\/pt-br\/em-foco\/formacao-foco-pt-br\/pesquisas-flash-por-que-estudamos\/\">\n    <div class=\"datos\">\n        <div class=\"categoria\">Forma\u00e7\u00e3o<\/div>\n        <div class=\"fecha\">10 setembro 2024<\/div>\n        <h3 class=\"subtitulos\">PESQUISAS FLASH: Por que estudamos?<\/h3>\n    <\/div>\n    <div class=\"image\">\n        <img decoding=\"async\" width=\"890\" height=\"540\" src=\"https:\/\/oji.fundacion-sm.org\/wp-content\/uploads\/sites\/4\/2024\/08\/Captura-de-pantalla-2024-08-01-142814-890x540.jpg\" class=\"img-fluid wp-post-image\" alt=\"\" \/>    <\/div>\n<\/a>    <\/li>\n                            <li class=\"col-12 col-sm-6 d-flex align-items-stretch\" data-aos=\"fade-up\" data-aos-delay=\"500\" data-aos-duration=\"700\">\n        <a class=\"noticia \" href=\"https:\/\/oji.fundacion-sm.org\/pt-br\/em-foco\/formacao-foco-pt-br\/pesquisa-flash-por-que-estudamos\/\">\n    <div class=\"datos\">\n        <div class=\"categoria\">Forma\u00e7\u00e3o<\/div>\n        <div class=\"fecha\">31 maio 2023<\/div>\n        <h3 class=\"subtitulos\">PESQUISAS FLASH: Por que estudamos?<\/h3>\n    <\/div>\n    <div class=\"image\">\n        <img loading=\"lazy\" decoding=\"async\" width=\"890\" height=\"560\" src=\"https:\/\/oji.fundacion-sm.org\/wp-content\/uploads\/sites\/4\/2023\/08\/sondeo-flash-por-que-estudiamos-890x560.png\" class=\"img-fluid wp-post-image\" alt=\"\" \/>    <\/div>\n<\/a>    <\/li>\n                        <\/ul>\n            <\/div>\n        <\/div>\n            <\/div>\n<\/section>\n\t\t\t\t<\/div>\n\t\t\t\t<\/div>\n\t\t\t\t<div class=\"elementor-element elementor-element-729da07 elementor-widget elementor-widget-bloque-noticias\" data-id=\"729da07\" data-element_type=\"widget\" data-widget_type=\"bloque-noticias.default\">\n\t\t\t\t<div class=\"elementor-widget-container\">\n\t\t\t\t\t<!-- Noticias -->\n<section class=\"bloque bloque-noticias  \">\n    <div class=\"container\">\n        <div class=\"background  \">\n                <div class=\"row titulo-con-enlace\">\n                    <div class=\"col-12 \">\n                                                                    <\/div>\n                <\/div>\n\n                <div class=\"row justify-content-center gy-4 gy-lg-5\">\n                                                            <div class=\"col-12 col-lg-10 gx-4 gx-lg-5 d-flex align-items-stretch\" data-aos=\"fade-up\" data-aos-delay=\"200\" data-aos-duration=\"700\">\n                                    <a class=\"noticia \" href=\"https:\/\/oji.fundacion-sm.org\/pt-br\/noticias-pt-br\/pesquisa-juventudes-no-brasil-2021-um-retrato-das-multiplas-juventudes-existentes-no-brasil\/\">\n    <div class=\"listado row g-4 g-lg-5\">\n        <div class=\"col-12 col-sm-6\">\n            <div class=\"image\">\n                <img loading=\"lazy\" decoding=\"async\" width=\"890\" height=\"560\" src=\"https:\/\/oji.fundacion-sm.org\/wp-content\/uploads\/sites\/4\/2023\/11\/pesquisa-juventudes-no-brasil-2021-890x560.png\" class=\"img-fluid wp-post-image\" alt=\"\" \/>            <\/div>\n        <\/div>\n        <div class=\"col-12 col-sm-6 d-flex align-items-center\">\n            <div class=\"datos\">\n                <div class=\"categoria\">Not\u00edcias<\/div>\n                <div class=\"fecha\">16 novembro 2021<\/div>\n                <h3 class=\"subtitulos\">Pesquisa Juventudes no Brasil 2021: Um retrato das m\u00faltiplas juventudes existentes no Brasil<\/h3>\n            <\/div>\n        <\/div>\n    <\/div>    \n<\/a>                                    <\/div>\n                                                                    <div class=\"col-12 col-lg-10 gx-4 gx-lg-5 d-flex align-items-stretch\" data-aos=\"fade-up\" data-aos-delay=\"500\" data-aos-duration=\"700\">\n                                    <a class=\"noticia \" href=\"https:\/\/oji.fundacion-sm.org\/pt-br\/noticias-pt-br\/pesquisa-jovens-espanhois-entre-dois-seculos-1984-2017-ganha-destaque-em-apresentacao-em-san-sebastian-es\/\">\n    <div class=\"listado row g-4 g-lg-5\">\n        <div class=\"col-12 col-sm-6\">\n            <div class=\"image\">\n                <img loading=\"lazy\" decoding=\"async\" width=\"890\" height=\"560\" src=\"https:\/\/oji.fundacion-sm.org\/wp-content\/uploads\/sites\/4\/2023\/11\/Encuentro-San-Sebasti\u2020n-OJI-e1520321565788-1170x659-1-890x560.jpg\" class=\"img-fluid wp-post-image\" alt=\"\" \/>            <\/div>\n        <\/div>\n        <div class=\"col-12 col-sm-6 d-flex align-items-center\">\n            <div class=\"datos\">\n                <div class=\"categoria\">Not\u00edcias<\/div>\n                <div class=\"fecha\">05 mar\u00e7o 2018<\/div>\n                <h3 class=\"subtitulos\">Pesquisa \u201cJovens espanh\u00f3is entre dois s\u00e9culos 1984-2017\u201d ganha destaque em apresenta\u00e7\u00e3o em San Sebasti\u00e1n (ES)<\/h3>\n            <\/div>\n        <\/div>\n    <\/div>    \n<\/a>                                    <\/div>\n                                            <\/div>\n        <\/div>\n    <\/div>\n<\/section>\t\t\t\t<\/div>\n\t\t\t\t<\/div>\n\t\t\t\t<div class=\"elementor-element elementor-element-f5d3513 elementor-widget elementor-widget-bloque-publicaciones\" data-id=\"f5d3513\" data-element_type=\"widget\" data-widget_type=\"bloque-publicaciones.default\">\n\t\t\t\t<div class=\"elementor-widget-container\">\n\t\t\t\t\t<!-- Publicaciones -->\n<section class=\"bloque bloque-publicaciones-listado diseno-nuestros-estudios \">\n    <div class=\"container noticia-destacada\">\n        <div class=\"row titulo-con-enlace\">\n            <div class=\"col-12\">\n                <h2 class=\"titulos\" data-aos=\"fade-left\" data-aos-duration=\"700\">Nossos estudos<\/h2>                                <a href=\"https:\/\/oji.fundacion-sm.org\/pt-br\/nossos-estudos\/\" data-aos=\"fade-right\" data-aos-duration=\"700\" class=\"enlace btn-arrow\" title=\"Ver todos os estudos\"><span>Ver todos os estudos<\/span><\/a>\n                            <\/div>\n        <\/div>\n        <div class=\"background \">\n            <div class=\"row justify-content-center gy-4 gy-lg-5\">\n                <div class=\"col-12 col-lg-10\">\n                    <div class=\"listado row gy-4 gy-lg-5\">\n                                                                    <div class=\"col-12\" data-aos=\"fade-up\" data-aos-delay=\"200\" data-aos-duration=\"700\">\n                                        <a class=\"publicacion destacada\" href=\"https:\/\/oji.fundacion-sm.org\/pt-br\/nossos-estudos\/pesquisa-juventudes-no-brasil-2021\/\">\n    <div class=\"row align-items-center\">\n        <div class=\"col-12 col-sm-4\">\n            <div class=\"imagen\">\n                <span>\n                <img loading=\"lazy\" decoding=\"async\" width=\"290\" height=\"410\" src=\"https:\/\/oji.fundacion-sm.org\/wp-content\/uploads\/sites\/4\/2023\/10\/jovenes-brasil-2021.png\" class=\"img-fluid wp-post-image\" alt=\"\" srcset=\"https:\/\/oji.fundacion-sm.org\/wp-content\/uploads\/sites\/4\/2023\/10\/jovenes-brasil-2021.png 290w, https:\/\/oji.fundacion-sm.org\/wp-content\/uploads\/sites\/4\/2023\/10\/jovenes-brasil-2021-212x300.png 212w\" sizes=\"(max-width: 290px) 100vw, 290px\" \/>                <\/span>\n            <\/div>\n        <\/div>\n        <div class=\"col-12 col-sm-8\">\n            <div class=\"datos\">\n                <h3 class=\"subtitulos\">Pesquisa Juventudes no Brasil<\/h3>\n                <div class=\"autor\">Coordena\u00e7\u00e3o: Paulo Cesar Rodrigues Carrano<\/div>            <\/div>\n        <\/div>\n    <\/div>\n<\/a>                                        <\/div>\n                                                                            <div class=\"col-12 col-sm-6\" data-aos=\"fade-up\" data-aos-delay=\"500\" data-aos-duration=\"700\">\n                                        <a class=\"publicacion \" href=\"https:\/\/oji.fundacion-sm.org\/pt-br\/nossos-estudos\/diferencas-de-genero-no-uso-do-tempo-pela-juventude-ibero-americana\/\">\n    <div class=\"row align-items-end\">\n        <div class=\"col-5 align-self-start\">\n            <div class=\"imagen\">\n                <span>\n                <img loading=\"lazy\" decoding=\"async\" width=\"290\" height=\"410\" src=\"https:\/\/oji.fundacion-sm.org\/wp-content\/uploads\/sites\/4\/2023\/10\/portada-diferencias-genero.jpg\" class=\"img-fluid wp-post-image\" alt=\"\" srcset=\"https:\/\/oji.fundacion-sm.org\/wp-content\/uploads\/sites\/4\/2023\/10\/portada-diferencias-genero.jpg 290w, https:\/\/oji.fundacion-sm.org\/wp-content\/uploads\/sites\/4\/2023\/10\/portada-diferencias-genero-212x300.jpg 212w\" sizes=\"(max-width: 290px) 100vw, 290px\" \/>                <\/span>\n            <\/div>\n        <\/div>\n        <div class=\"col-7\">\n            <div class=\"datos\">\n                <h3 class=\"subtitulos\">Diferen\u00e7as de G\u00eanero no Uso do Tempo pela Juventude Ibero-Americana<\/h3>\n                <div class=\"autor\">Patricio Olivera, Jorge Cadenasso<\/div>            <\/div>\n        <\/div>\n    <\/div>\n<\/a>                                        <\/div>\n                                                                            <div class=\"col-12 col-sm-6\" data-aos=\"fade-up\" data-aos-delay=\"800\" data-aos-duration=\"700\">\n                                        <a class=\"publicacion \" href=\"https:\/\/oji.fundacion-sm.org\/pt-br\/nossos-estudos\/identidades-juvenis-e-atitudes-em-torno-da-discriminacao-e-da-tolerancia\/\">\n    <div class=\"row align-items-end\">\n        <div class=\"col-5 align-self-start\">\n            <div class=\"imagen\">\n                <span>\n                <img loading=\"lazy\" decoding=\"async\" width=\"290\" height=\"410\" src=\"https:\/\/oji.fundacion-sm.org\/wp-content\/uploads\/sites\/4\/2023\/10\/portada-identidades-juveniles.jpg\" class=\"img-fluid wp-post-image\" alt=\"\" srcset=\"https:\/\/oji.fundacion-sm.org\/wp-content\/uploads\/sites\/4\/2023\/10\/portada-identidades-juveniles.jpg 290w, https:\/\/oji.fundacion-sm.org\/wp-content\/uploads\/sites\/4\/2023\/10\/portada-identidades-juveniles-212x300.jpg 212w\" sizes=\"(max-width: 290px) 100vw, 290px\" \/>                <\/span>\n            <\/div>\n        <\/div>\n        <div class=\"col-7\">\n            <div class=\"datos\">\n                <h3 class=\"subtitulos\">Identidades juvenis e atitudes em torno da discrimina\u00e7\u00e3o e da toler\u00e2ncia<\/h3>\n                <div class=\"autor\">Patricio Olivera, Daniel Valencia<\/div>            <\/div>\n        <\/div>\n    <\/div>\n<\/a>                                        <\/div>\n                                                                            <div class=\"col-12 col-sm-6\" data-aos=\"fade-up\" data-aos-delay=\"1100\" data-aos-duration=\"700\">\n                                        <a class=\"publicacion \" href=\"https:\/\/oji.fundacion-sm.org\/pt-br\/nossos-estudos\/o-direito-a-uma-educacao-de-qualidade-nas-sociedades-ibero-americanas\/\">\n    <div class=\"row align-items-end\">\n        <div class=\"col-5 align-self-start\">\n            <div class=\"imagen\">\n                <span>\n                <img loading=\"lazy\" decoding=\"async\" width=\"290\" height=\"410\" src=\"https:\/\/oji.fundacion-sm.org\/wp-content\/uploads\/sites\/4\/2023\/10\/derecho-educacion-sociedades-iberoamericanas-portada.jpg\" class=\"img-fluid wp-post-image\" alt=\"\" srcset=\"https:\/\/oji.fundacion-sm.org\/wp-content\/uploads\/sites\/4\/2023\/10\/derecho-educacion-sociedades-iberoamericanas-portada.jpg 290w, https:\/\/oji.fundacion-sm.org\/wp-content\/uploads\/sites\/4\/2023\/10\/derecho-educacion-sociedades-iberoamericanas-portada-212x300.jpg 212w\" sizes=\"(max-width: 290px) 100vw, 290px\" \/>                <\/span>\n            <\/div>\n        <\/div>\n        <div class=\"col-7\">\n            <div class=\"datos\">\n                <h3 class=\"subtitulos\">O direito a uma educa\u00e7\u00e3o de qualidade nas sociedades ibero-americanas<\/h3>\n                <div class=\"autor\">Ernesto Esp\u00edndola, Daniel Valencia, Guillermo Sunkel<\/div>            <\/div>\n        <\/div>\n    <\/div>\n<\/a>                                        <\/div>\n                                                                            <div class=\"col-12 col-sm-6\" data-aos=\"fade-up\" data-aos-delay=\"1400\" data-aos-duration=\"700\">\n                                        <a class=\"publicacion \" href=\"https:\/\/oji.fundacion-sm.org\/pt-br\/nossos-estudos\/ser-jovem-na-era-digital\/\">\n    <div class=\"row align-items-end\">\n        <div class=\"col-5 align-self-start\">\n            <div class=\"imagen\">\n                <span>\n                <img loading=\"lazy\" decoding=\"async\" width=\"290\" height=\"410\" src=\"https:\/\/oji.fundacion-sm.org\/wp-content\/uploads\/sites\/4\/2023\/10\/ser-joven-era-digital-portada.png\" class=\"img-fluid wp-post-image\" alt=\"\" srcset=\"https:\/\/oji.fundacion-sm.org\/wp-content\/uploads\/sites\/4\/2023\/10\/ser-joven-era-digital-portada.png 290w, https:\/\/oji.fundacion-sm.org\/wp-content\/uploads\/sites\/4\/2023\/10\/ser-joven-era-digital-portada-212x300.png 212w\" sizes=\"(max-width: 290px) 100vw, 290px\" \/>                <\/span>\n            <\/div>\n        <\/div>\n        <div class=\"col-7\">\n            <div class=\"datos\">\n                <h3 class=\"subtitulos\">Ser jovem na era digital<\/h3>\n                <div class=\"autor\">Andrea Murden, Jorge Cadenasso<\/div>            <\/div>\n        <\/div>\n    <\/div>\n<\/a>                                        <\/div>\n                                                        <\/div>\n                <\/div>\n            <\/div>\n        <\/div>\n    <\/div>\n<\/section>\t\t\t\t<\/div>\n\t\t\t\t<\/div>\n\t\t\t\t\t<\/div>\n\t\t<\/div>\n\t\t\t\t\t<\/div>\n\t\t<\/section>\n\t\t\t\t<\/div>\n\t\t","protected":false},"excerpt":{"rendered":"<p>Sobre n\u00f3s Decifrando a juventude Em foco Nossos estudos Outros estudos Biblioteca de v\u00eddeos Not\u00edcias Contato Juventude, educa\u00e7\u00e3o e cultura OJI \u00e9 um programa da Funda\u00e7\u00e3o SM para fomentar a pesquisa sobre juventude, educa\u00e7\u00e3o e cultura na regi\u00e3o. Acreditamos que a pesquisa social \u00e9 uma ferramenta de grande dimens\u00e3o para ajudar na tomada de decis\u00f5es [&hellip;]<\/p>\n","protected":false},"author":1,"featured_media":244,"parent":0,"menu_order":0,"comment_status":"closed","ping_status":"closed","template":"","meta":{"_acf_changed":false,"footnotes":""},"class_list":["post-6","page","type-page","status-publish","has-post-thumbnail","hentry"],"acf":[],"yoast_head":"<!-- This site is optimized with the Yoast SEO plugin v26.7 - https:\/\/yoast.com\/wordpress\/plugins\/seo\/ -->\n<title>Observat\u00f3rio da Juventude na Ibero-Am\u00e9rica (OJI) - Fundaci\u00f3n SM<\/title>\n<meta name=\"description\" content=\"Observat\u00f3rio da Juventude na Ibero-Am\u00e9rica (OJI) \u00e9 um programa da Fundaci\u00f3n SM para fomentar a pesquisa sobre juventude, educa\u00e7\u00e3o e cultura na regi\u00e3o. Acreditamos que a pesquisa social \u00e9 uma ferramenta de grande dimens\u00e3o para ajudar na tomada de decis\u00f5es e melhoria das condi\u00e7\u00f5es sociais existentes.\" \/>\n<meta name=\"robots\" content=\"index, follow, max-snippet:-1, max-image-preview:large, max-video-preview:-1\" \/>\n<link rel=\"canonical\" href=\"https:\/\/oji.fundacion-sm.org\/pt-br\/\" \/>\n<meta property=\"og:locale\" content=\"pt_BR\" \/>\n<meta property=\"og:type\" content=\"article\" \/>\n<meta property=\"og:title\" content=\"Observat\u00f3rio da Juventude na Ibero-Am\u00e9rica (OJI) - Fundaci\u00f3n SM\" \/>\n<meta property=\"og:description\" content=\"Observat\u00f3rio da Juventude na Ibero-Am\u00e9rica (OJI) \u00e9 um programa da Fundaci\u00f3n SM para fomentar a pesquisa sobre juventude, educa\u00e7\u00e3o e cultura na regi\u00e3o. Acreditamos que a pesquisa social \u00e9 uma ferramenta de grande dimens\u00e3o para ajudar na tomada de decis\u00f5es e melhoria das condi\u00e7\u00f5es sociais existentes.\" \/>\n<meta property=\"og:url\" content=\"https:\/\/oji.fundacion-sm.org\/pt-br\/\" \/>\n<meta property=\"og:site_name\" content=\"Observat\u00f3rio da Juventude na Ibero-Am\u00e9rica (OJI)\" \/>\n<meta property=\"article:modified_time\" content=\"2024-02-20T11:06:06+00:00\" \/>\n<meta property=\"og:image\" content=\"https:\/\/oji.fundacion-sm.org\/wp-content\/uploads\/sites\/4\/2023\/10\/imagen-generica-1.jpg\" \/>\n\t<meta property=\"og:image:width\" content=\"600\" \/>\n\t<meta property=\"og:image:height\" content=\"600\" \/>\n\t<meta property=\"og:image:type\" content=\"image\/jpeg\" \/>\n<meta name=\"twitter:card\" content=\"summary_large_image\" \/>\n<script type=\"application\/ld+json\" class=\"yoast-schema-graph\">{\"@context\":\"https:\/\/schema.org\",\"@graph\":[{\"@type\":\"WebPage\",\"@id\":\"https:\/\/oji.fundacion-sm.org\/pt-br\/\",\"url\":\"https:\/\/oji.fundacion-sm.org\/pt-br\/\",\"name\":\"Observat\u00f3rio da Juventude na Ibero-Am\u00e9rica (OJI) - Fundaci\u00f3n SM\",\"isPartOf\":{\"@id\":\"https:\/\/oji.fundacion-sm.org\/pt-br\/#website\"},\"primaryImageOfPage\":{\"@id\":\"https:\/\/oji.fundacion-sm.org\/pt-br\/#primaryimage\"},\"image\":{\"@id\":\"https:\/\/oji.fundacion-sm.org\/pt-br\/#primaryimage\"},\"thumbnailUrl\":\"https:\/\/oji.fundacion-sm.org\/wp-content\/uploads\/sites\/4\/2023\/10\/imagen-generica-1.jpg\",\"datePublished\":\"2023-04-17T07:27:28+00:00\",\"dateModified\":\"2024-02-20T11:06:06+00:00\",\"description\":\"Observat\u00f3rio da Juventude na Ibero-Am\u00e9rica (OJI) \u00e9 um programa da Fundaci\u00f3n SM para fomentar a pesquisa sobre juventude, educa\u00e7\u00e3o e cultura na regi\u00e3o. Acreditamos que a pesquisa social \u00e9 uma ferramenta de grande dimens\u00e3o para ajudar na tomada de decis\u00f5es e melhoria das condi\u00e7\u00f5es sociais existentes.\",\"breadcrumb\":{\"@id\":\"https:\/\/oji.fundacion-sm.org\/pt-br\/#breadcrumb\"},\"inLanguage\":\"pt-BR\",\"potentialAction\":[{\"@type\":\"ReadAction\",\"target\":[\"https:\/\/oji.fundacion-sm.org\/pt-br\/\"]}]},{\"@type\":\"ImageObject\",\"inLanguage\":\"pt-BR\",\"@id\":\"https:\/\/oji.fundacion-sm.org\/pt-br\/#primaryimage\",\"url\":\"https:\/\/oji.fundacion-sm.org\/wp-content\/uploads\/sites\/4\/2023\/10\/imagen-generica-1.jpg\",\"contentUrl\":\"https:\/\/oji.fundacion-sm.org\/wp-content\/uploads\/sites\/4\/2023\/10\/imagen-generica-1.jpg\",\"width\":600,\"height\":600,\"caption\":\"Imagen del Observatorio de la Juventud en Iberoam\u00e9rica (OJI)\"},{\"@type\":\"BreadcrumbList\",\"@id\":\"https:\/\/oji.fundacion-sm.org\/pt-br\/#breadcrumb\",\"itemListElement\":[{\"@type\":\"ListItem\",\"position\":1,\"name\":\"Home\",\"item\":\"https:\/\/oji.fundacion-sm.org\/pt-br\/\"},{\"@type\":\"ListItem\",\"position\":2,\"name\":\"Home\"}]},{\"@type\":\"WebSite\",\"@id\":\"https:\/\/oji.fundacion-sm.org\/pt-br\/#website\",\"url\":\"https:\/\/oji.fundacion-sm.org\/pt-br\/\",\"name\":\"Observat\u00f3rio da Juventude na Ibero-Am\u00e9rica (OJI)\",\"description\":\"Somos un programa de la Fundaci\u00f3n SM con vocaci\u00f3n de agrupar conocimiento, ser un lugar de referencia y servir de nexo de uni\u00f3n entre distintos observatorios y estudios sobre juventud e Iberoam\u00e9rica.\",\"publisher\":{\"@id\":\"https:\/\/oji.fundacion-sm.org\/pt-br\/#organization\"},\"potentialAction\":[{\"@type\":\"SearchAction\",\"target\":{\"@type\":\"EntryPoint\",\"urlTemplate\":\"https:\/\/oji.fundacion-sm.org\/pt-br\/?s={search_term_string}\"},\"query-input\":{\"@type\":\"PropertyValueSpecification\",\"valueRequired\":true,\"valueName\":\"search_term_string\"}}],\"inLanguage\":\"pt-BR\"},{\"@type\":\"Organization\",\"@id\":\"https:\/\/oji.fundacion-sm.org\/pt-br\/#organization\",\"name\":\"Fundaci\u00f3n SM\",\"url\":\"https:\/\/oji.fundacion-sm.org\/pt-br\/\",\"logo\":{\"@type\":\"ImageObject\",\"inLanguage\":\"pt-BR\",\"@id\":\"https:\/\/oji.fundacion-sm.org\/pt-br\/#\/schema\/logo\/image\/\",\"url\":\"https:\/\/oji.fundacion-sm.org\/wp-content\/uploads\/sites\/4\/2023\/10\/logotipo-fundacion-sm.png\",\"contentUrl\":\"https:\/\/oji.fundacion-sm.org\/wp-content\/uploads\/sites\/4\/2023\/10\/logotipo-fundacion-sm.png\",\"width\":447,\"height\":85,\"caption\":\"Fundaci\u00f3n SM\"},\"image\":{\"@id\":\"https:\/\/oji.fundacion-sm.org\/pt-br\/#\/schema\/logo\/image\/\"}}]}<\/script>\n<!-- \/ Yoast SEO plugin. -->","yoast_head_json":{"title":"Observat\u00f3rio da Juventude na Ibero-Am\u00e9rica (OJI) - Fundaci\u00f3n SM","description":"Observat\u00f3rio da Juventude na Ibero-Am\u00e9rica (OJI) \u00e9 um programa da Fundaci\u00f3n SM para fomentar a pesquisa sobre juventude, educa\u00e7\u00e3o e cultura na regi\u00e3o. Acreditamos que a pesquisa social \u00e9 uma ferramenta de grande dimens\u00e3o para ajudar na tomada de decis\u00f5es e melhoria das condi\u00e7\u00f5es sociais existentes.","robots":{"index":"index","follow":"follow","max-snippet":"max-snippet:-1","max-image-preview":"max-image-preview:large","max-video-preview":"max-video-preview:-1"},"canonical":"https:\/\/oji.fundacion-sm.org\/pt-br\/","og_locale":"pt_BR","og_type":"article","og_title":"Observat\u00f3rio da Juventude na Ibero-Am\u00e9rica (OJI) - Fundaci\u00f3n SM","og_description":"Observat\u00f3rio da Juventude na Ibero-Am\u00e9rica (OJI) \u00e9 um programa da Fundaci\u00f3n SM para fomentar a pesquisa sobre juventude, educa\u00e7\u00e3o e cultura na regi\u00e3o. Acreditamos que a pesquisa social \u00e9 uma ferramenta de grande dimens\u00e3o para ajudar na tomada de decis\u00f5es e melhoria das condi\u00e7\u00f5es sociais existentes.","og_url":"https:\/\/oji.fundacion-sm.org\/pt-br\/","og_site_name":"Observat\u00f3rio da Juventude na Ibero-Am\u00e9rica (OJI)","article_modified_time":"2024-02-20T11:06:06+00:00","og_image":[{"width":600,"height":600,"url":"https:\/\/oji.fundacion-sm.org\/wp-content\/uploads\/sites\/4\/2023\/10\/imagen-generica-1.jpg","type":"image\/jpeg"}],"twitter_card":"summary_large_image","schema":{"@context":"https:\/\/schema.org","@graph":[{"@type":"WebPage","@id":"https:\/\/oji.fundacion-sm.org\/pt-br\/","url":"https:\/\/oji.fundacion-sm.org\/pt-br\/","name":"Observat\u00f3rio da Juventude na Ibero-Am\u00e9rica (OJI) - Fundaci\u00f3n SM","isPartOf":{"@id":"https:\/\/oji.fundacion-sm.org\/pt-br\/#website"},"primaryImageOfPage":{"@id":"https:\/\/oji.fundacion-sm.org\/pt-br\/#primaryimage"},"image":{"@id":"https:\/\/oji.fundacion-sm.org\/pt-br\/#primaryimage"},"thumbnailUrl":"https:\/\/oji.fundacion-sm.org\/wp-content\/uploads\/sites\/4\/2023\/10\/imagen-generica-1.jpg","datePublished":"2023-04-17T07:27:28+00:00","dateModified":"2024-02-20T11:06:06+00:00","description":"Observat\u00f3rio da Juventude na Ibero-Am\u00e9rica (OJI) \u00e9 um programa da Fundaci\u00f3n SM para fomentar a pesquisa sobre juventude, educa\u00e7\u00e3o e cultura na regi\u00e3o. Acreditamos que a pesquisa social \u00e9 uma ferramenta de grande dimens\u00e3o para ajudar na tomada de decis\u00f5es e melhoria das condi\u00e7\u00f5es sociais existentes.","breadcrumb":{"@id":"https:\/\/oji.fundacion-sm.org\/pt-br\/#breadcrumb"},"inLanguage":"pt-BR","potentialAction":[{"@type":"ReadAction","target":["https:\/\/oji.fundacion-sm.org\/pt-br\/"]}]},{"@type":"ImageObject","inLanguage":"pt-BR","@id":"https:\/\/oji.fundacion-sm.org\/pt-br\/#primaryimage","url":"https:\/\/oji.fundacion-sm.org\/wp-content\/uploads\/sites\/4\/2023\/10\/imagen-generica-1.jpg","contentUrl":"https:\/\/oji.fundacion-sm.org\/wp-content\/uploads\/sites\/4\/2023\/10\/imagen-generica-1.jpg","width":600,"height":600,"caption":"Imagen del Observatorio de la Juventud en Iberoam\u00e9rica (OJI)"},{"@type":"BreadcrumbList","@id":"https:\/\/oji.fundacion-sm.org\/pt-br\/#breadcrumb","itemListElement":[{"@type":"ListItem","position":1,"name":"Home","item":"https:\/\/oji.fundacion-sm.org\/pt-br\/"},{"@type":"ListItem","position":2,"name":"Home"}]},{"@type":"WebSite","@id":"https:\/\/oji.fundacion-sm.org\/pt-br\/#website","url":"https:\/\/oji.fundacion-sm.org\/pt-br\/","name":"Observat\u00f3rio da Juventude na Ibero-Am\u00e9rica (OJI)","description":"Somos un programa de la Fundaci\u00f3n SM con vocaci\u00f3n de agrupar conocimiento, ser un lugar de referencia y servir de nexo de uni\u00f3n entre distintos observatorios y estudios sobre juventud e Iberoam\u00e9rica.","publisher":{"@id":"https:\/\/oji.fundacion-sm.org\/pt-br\/#organization"},"potentialAction":[{"@type":"SearchAction","target":{"@type":"EntryPoint","urlTemplate":"https:\/\/oji.fundacion-sm.org\/pt-br\/?s={search_term_string}"},"query-input":{"@type":"PropertyValueSpecification","valueRequired":true,"valueName":"search_term_string"}}],"inLanguage":"pt-BR"},{"@type":"Organization","@id":"https:\/\/oji.fundacion-sm.org\/pt-br\/#organization","name":"Fundaci\u00f3n SM","url":"https:\/\/oji.fundacion-sm.org\/pt-br\/","logo":{"@type":"ImageObject","inLanguage":"pt-BR","@id":"https:\/\/oji.fundacion-sm.org\/pt-br\/#\/schema\/logo\/image\/","url":"https:\/\/oji.fundacion-sm.org\/wp-content\/uploads\/sites\/4\/2023\/10\/logotipo-fundacion-sm.png","contentUrl":"https:\/\/oji.fundacion-sm.org\/wp-content\/uploads\/sites\/4\/2023\/10\/logotipo-fundacion-sm.png","width":447,"height":85,"caption":"Fundaci\u00f3n SM"},"image":{"@id":"https:\/\/oji.fundacion-sm.org\/pt-br\/#\/schema\/logo\/image\/"}}]}},"_links":{"self":[{"href":"https:\/\/oji.fundacion-sm.org\/pt-br\/wp-json\/wp\/v2\/pages\/6","targetHints":{"allow":["GET"]}}],"collection":[{"href":"https:\/\/oji.fundacion-sm.org\/pt-br\/wp-json\/wp\/v2\/pages"}],"about":[{"href":"https:\/\/oji.fundacion-sm.org\/pt-br\/wp-json\/wp\/v2\/types\/page"}],"author":[{"embeddable":true,"href":"https:\/\/oji.fundacion-sm.org\/pt-br\/wp-json\/wp\/v2\/users\/1"}],"replies":[{"embeddable":true,"href":"https:\/\/oji.fundacion-sm.org\/pt-br\/wp-json\/wp\/v2\/comments?post=6"}],"version-history":[{"count":82,"href":"https:\/\/oji.fundacion-sm.org\/pt-br\/wp-json\/wp\/v2\/pages\/6\/revisions"}],"predecessor-version":[{"id":4901,"href":"https:\/\/oji.fundacion-sm.org\/pt-br\/wp-json\/wp\/v2\/pages\/6\/revisions\/4901"}],"wp:featuredmedia":[{"embeddable":true,"href":"https:\/\/oji.fundacion-sm.org\/pt-br\/wp-json\/wp\/v2\/media\/244"}],"wp:attachment":[{"href":"https:\/\/oji.fundacion-sm.org\/pt-br\/wp-json\/wp\/v2\/media?parent=6"}],"curies":[{"name":"wp","href":"https:\/\/api.w.org\/{rel}","templated":true}]}}